{"id":743,"date":"2021-04-02T17:46:56","date_gmt":"2021-04-02T17:46:56","guid":{"rendered":"http:\/\/www.davidsandgoliath.cz\/?page_id=743"},"modified":"2021-04-02T23:51:01","modified_gmt":"2021-04-02T23:51:01","slug":"rolunk","status":"publish","type":"page","link":"https:\/\/www.davidsandgoliath.cz\/index.php\/hu\/rolunk\/","title":{"rendered":"R\u00f3lunk"},"content":{"rendered":"\n<p>      <\/p>\n\n\n\n<p class=\"has-white-color has-text-color\">lidsk\u00e1 pr\u00e1va v \u010c\u00edn\u011b<\/p>\n\n\n\n<h2 class=\"has-text-align-center\"><strong>Kik vagyunk<\/strong><\/h2>\n\n\n\n<h3 class=\"has-text-align-center\">Cseh k\u00e9preg\u00e9ny-alkot\u00f3k egy csoportja vagyunk. Egy olyan m\u0171vet szeretn\u00e9nk l\u00e9trehozni, amely az aktu\u00e1lis esem\u00e9nyekre reag\u00e1l. A m\u0171v\u00e9szetet fontos eszk\u00f6znek tekintj\u00fck a s\u00fcrget\u0151 k\u00e9rd\u00e9sek kifejez\u00e9s\u00e9re \u00e9s az egyetemes erk\u00f6lcsi \u00e9rt\u00e9kek k\u00f6zvet\u00edt\u00e9s\u00e9re.<\/h3>\n\n\n\n<h3 class=\"has-text-align-center\">A realisztikus \u00e1br\u00e1zol\u00e1s \u00fatj\u00e1t v\u00e1lasztottuk, hogy az olvas\u00f3k k\u00f6nnyed\u00e9n megismerhess\u00e9k a f\u0151szerepl\u0151ket, a val\u00f3di helysz\u00edneket, rendszereket \u00e9s esem\u00e9nyeket.<\/h3>\n\n\n\n<p class=\"has-white-color has-text-color\">Lidsk\u00e1 pr\u00e1va v \u010c\u00edn\u011b<\/p>\n\n\n\n<h2><strong>A motiv\u00e1ci\u00f3nk<\/strong><\/h2>\n\n\n\n<p class=\"has-medium-font-size\">A prominens cseh \u00edr\u00f3, Karel \u010capek&nbsp; az olyan m\u0171veiben, mint a <em>Krakatit<\/em>, a <em>Harc a szalamandr\u00e1kkal<\/em> vagy <em>A Feh\u00e9r K\u00f3r<\/em>, azzal borzolta az olvas\u00f3k ked\u00e9ly\u00e9t, hogy s\u00falyos t\u00e9m\u00e1kr\u00f3l \u00e9s katasztrof\u00e1lis forgat\u00f3k\u00f6nyvekr\u0151l \u00edrt \u2013nagyon helyesen. Nemcsak a t\u00f6rt\u00e9nelem esem\u00e9nyeit n\u00e9zve, hanem mindenekel\u0151tt az aktu\u00e1lis esem\u00e9nyeket szeml\u00e9lve isfolytatnunk kell ezt az \u00f6szt\u00f6nz\u00e9st. Mi t\u00f6bb, nek\u00fcnk magunknak is harcba kell menn\u00fcnk.<\/p>\n\n\n\n<h2 class=\"has-text-align-left\"><strong><strong>Mi\u00e9rt csin\u00e1ljuk ezt?<\/strong><\/strong><\/h2>\n\n\n\n<p class=\"has-medium-font-size\">Ezzel a k\u00e9preg\u00e9nnyel \u00fczemanyagot akarunk adni az ellen\u00e1ll\u00e1s t\u00fcz\u00e9hez, \u00e9s fel szeretn\u00e9nk h\u00edvni a figyelmet a t\u0171rhetetlen b\u0171ncselekm\u00e9nyekre: az \u00e9letment\u0151 tudom\u00e1nnyal val\u00f3 vissza\u00e9l\u00e9sre \u00e9s a kommunista p\u00e1rt totalit\u00e1rius hatalm\u00e1nak felemelked\u00e9s\u00e9re K\u00edn\u00e1ban, amelyet semmilyen erk\u00f6lcsi szab\u00e1ly nem f\u00e9kez t\u00f6bb\u00e9.<\/p>\n\n\n\n<p class=\"has-text-align-left has-medium-font-size\">A k\u00e9preg\u00e9ny elk\u00e9sz\u00edt\u00e9s\u00e9nek ind\u00edt\u00e9kai alapvet\u0151en szem\u00e9lyesek. Ezek azon a meggy\u0151z\u0151d\u00e9s\u00fcnk\u00f6n alapulnak, hogy ki kell \u00e1llnunk azok\u00e9rt az \u00e9rt\u00e9kek\u00e9rt, amelyekben hisz\u00fcnk, \u00e9s ford\u00edtva, akt\u00edvan szembe kell sz\u00e1llnunk azzal, amit \u201egonosznak\u201d szoktunk nevezni. \u00dagy gondoljuk, hogy err\u0151l besz\u00e9lni kell, \u00e9s mi\u00e9rt ne tenn\u00e9nk ezt meg egy olyan k\u00e9preg\u00e9ny form\u00e1j\u00e1ban, amit szeret\u00fcnk.<\/p>\n\n\n\n<h2 class=\"has-text-align-left\"><strong><strong>Mi a c\u00e9lunk?<\/strong><\/strong><\/h2>\n\n\n\n<p class=\"has-text-align-left has-medium-font-size\">Arra szeretn\u00e9nk \u00f6szt\u00f6n\u00f6zni az olvas\u00f3kat, hogy jobban \u00e9rdekl\u0151djenek a mai K\u00edn\u00e1ban zajl\u00f3 esem\u00e9nyek ir\u00e1nt, valamint a transzplant\u00e1ci\u00f3s m\u0171t\u00e9tekkel val\u00f3 vissza\u00e9l\u00e9sek probl\u00e9m\u00e1ja ir\u00e1nt, ami tartalmazza, ahogyan azok lesz\u00e1molnak a m\u00e1sk\u00e9ppen gondolkod\u00f3kkal \u00e9s p\u00e9nzt csin\u00e1lnak a szerveikb\u0151l.<\/p>\n\n\n\n<h2 class=\"has-text-align-left\"><strong><strong>A projekt f\u0151 \u00f6tletgazd\u00e1ja<\/strong><\/strong><\/h2>\n\n\n\n<p class=\"has-text-align-left has-medium-font-size\">Az eg\u00e9sz projekt f\u0151 koordin\u00e1tora \u00e9s \u201emotorja\u201d Milan Kaj\u00ednek \u00fajs\u00e1g\u00edr\u00f3. A k\u00e9preg\u00e9nyek, a filmek \u00e9s a sz\u00e9pirodalom rajong\u00f3ja, valamint r\u00e9g\u00f3ta egy K\u00ednarovat szerkeszt\u0151je, emberi jogi aktivista \u00e9s publicista. Tov\u00e1bbiakat megtudhatsz r\u00f3la a <a href=\"https:\/\/www.epochtimes.cz\/redakce\/sefredaktor-milan-kajinek\/\" target=\"_blank\" rel=\"noreferrer noopener\">profilj\u00e1ban<\/a>.<\/p>\n\n\n\n<h2 class=\"has-text-align-left\"><strong><strong>Hogyan is kezd\u0151d\u00f6tt?<\/strong><\/strong><\/h2>\n\n\n\n<p class=\"has-medium-font-size\">Az \u00f6tlet, hogy e t\u00e9m\u00e1ban k\u00e9preg\u00e9ny k\u00e9sz\u00fclj\u00f6n, m\u00e1r t\u00f6bb \u00e9ve felmer\u00fclt. A komolyabb l\u00e9p\u00e9sek kedvez\u0151 felt\u00e9telei csak 2020 j\u00fanius\u00e1ban val\u00f3sultak meg, amikor a fotogr\u00e1fiai forgat\u00f3k\u00f6nyv els\u0151 r\u00e9sze \u00e9s egy \u201ek\u00e9preg\u00e9ny st\u00edlusban\u201d elmes\u00e9lhet\u0151 t\u00f6rt\u00e9net v\u00e1za meglehet\u0151sen gyorsan elk\u00e9sz\u00fclt.<\/p>\n\n\n\n<p class=\"has-medium-font-size\">\u201eSzem\u00e9lyesen t\u00f6bb emberrel is tal\u00e1lkoztam, akiket bemutat a t\u00f6rt\u00e9net, a 2014-es pr\u00e1gai l\u00e1togat\u00e1suk sor\u00e1n. T\u00f6bbsz\u00f6r \u00edrtam r\u00f3luk \u00fajs\u00e1gcikkekben, \u00e9s mint k\u00e9preg\u00e9nyrajong\u00f3 term\u00e9szetesen a fejemben forgat\u00f3k\u00f6nyveket vet\u00edtettem a munk\u00e1jukra, \u00e9s ezekre gondoltam, hogyan n\u00e9zne ki egy nyomoz\u00e1sukr\u00f3l sz\u00f3l\u00f3 k\u00e9preg\u00e9ny \u201d- mondja Milan Kaj\u00ednek, a projekt koordin\u00e1tora. \u201eA k\u00e9preg\u00e9ny amolyan egyetemes, nemzetk\u00f6zi nyelv. Ez egy olyan k\u00f6zeg is egyben, amely val\u00f3ban m\u00e9lt\u00f3 ahhoz, hogy fontos, val\u00f3s t\u00f6rt\u00e9neteket mes\u00e9ljen el. Ez\u00e9rt d\u00f6nt\u00f6ttem v\u00e9g\u00fcl mellette.\u201d<\/p>\n\n\n\n<h2 class=\"has-text-align-left\"><strong>Min tudsz v\u00e1ltoztatni, ha t\u00e1mogatsz minket?<\/strong><\/h2>\n\n\n\n<p class=\"has-text-align-left has-medium-font-size\">A t\u00e1mogat\u00e1soddal cseh, angol \u00e9s k\u00ednai k\u00e9preg\u00e9nyeket k\u00e9sz\u00edthet\u00fcnk. Hozz\u00e1j\u00e1rul\u00e1sod seg\u00edt abban, hogy min\u00e9l t\u00f6bben megismerj\u00e9k a probl\u00e9m\u00e1t, ez\u00e1ltal felgyors\u00edtva ennek az elfogadhatatlan emberi jogi helyzetnek a megold\u00e1s\u00e1t K\u00edn\u00e1ban.<\/p>\n\n\n\n<h2><strong><strong>Milyen m\u0171vek inspir\u00e1ltak minket<\/strong><\/strong><\/h2>\n\n\n\n<p class=\"has-medium-font-size\"><a href=\"https:\/\/www.albatrosmedia.cz\/tituly\/37186930\/valka-s-mloky\/\">War with salamanders<\/a>&nbsp;&#8211; <em>(Jan \u0160t\u011bp\u00e1nek) 1989<\/em><\/p>\n\n\n\n<p class=\"has-medium-font-size\"><a href=\"https:\/\/www.kosmas.cz\/knihy\/106172\/arnal-a-dva-draci-zuby\/\">Arnal<\/a> &#8211; <em>(Ond\u0159ej Neff a&nbsp;K\u00e1ja Saudek) 2002<\/em><\/p>\n\n\n\n<p class=\"has-medium-font-size\"><a href=\"https:\/\/www.imdb.com\/title\/tt1185616\/reference\">Waltz with Bashir<\/a>&nbsp;&#8211; <em>(Ari Folman) 2008<\/em><\/p>\n\n\n\n<p class=\"has-medium-font-size\"><a href=\"https:\/\/www.amazon.com\/Holmes-1854-1891-dame-Scutari\/dp\/2754809155\">Holmes: La Dame de Scutari<\/a>&nbsp;<em>(Cecil &amp; Bruncschwig) 2016<\/em><\/p>\n\n\n\n<p class=\"has-medium-font-size\"><a href=\"https:\/\/www.amazon.com\/Gotham-Central-Book-Line-Duty\/dp\/1401220371\">Gotham Central<\/a>&nbsp;<em>(Ed Brubaker and Greg Rucka) 2016<\/em><\/p>\n\n\n\n<p class=\"has-medium-font-size\"><a href=\"http:\/\/fanyapes.cz\/index.html\">Fany a pes<\/a>&nbsp;&#8211; <em>(Matthias Bruhn, Ralf Kukula) 2019<\/em><\/p>\n\n\n\n<h2 class=\"has-text-align-left\"><strong>K\u00e9rd\u0151jelek a k\u00ednai transzplant\u00e1ci\u00f3s ipar k\u00f6r\u00fcl<\/strong><\/h2>\n\n\n\n<p class=\"has-medium-font-size\">1999 \u00f3ta a transzplant\u00e1ci\u00f3s ipar p\u00e9ld\u00e1tlan fejl\u0151d\u00e9st mutat K\u00edna-szerte. N\u00e9h\u00e1ny tucat transzplant\u00e1ci\u00f3s k\u00f6zpontb\u00f3l indulva, ez a sz\u00e1m m\u00e1ra t\u00f6bb sz\u00e1zra n\u0151tt. Kutat\u00e1sok szerint a minim\u00e1lis, \u00e9ves forgalmuk 60.000 transzplant\u00e1ci\u00f3.<\/p>\n\n\n\n<p class=\"has-medium-font-size\">K\u00edn\u00e1ban a transzplant\u00e1ci\u00f3s ipar hatalmas fejl\u0151d\u00e9se \u00e1ltal felvet\u0151d\u00f6tt k\u00e9rd\u00e9sek a k\u00e9preg\u00e9ny\u00fcnk f\u0151 t\u00e9m\u00e1ja.<\/p>\n\n\n\n<p class=\"has-medium-font-size\">Honnan sz\u00e1rmaznak ilyen nagy sz\u00e1mban a szervek, kik voltak a\u201edonorok\u201d, mi\u00e9rt titkolj\u00e1k a k\u00f3rh\u00e1zak a kil\u00e9t\u00fcket? \u00c9s hogyan lehets\u00e9ges, hogy 14 napon bel\u00fcl biztos\u00edtj\u00e1k a l\u00e9tfontoss\u00e1g\u00fa szerveket, \u00e9s el\u0151re meghat\u00e1rozott id\u0151pontokban \u00fcltetik \u00e1t \u0151ket?<\/p>\n\n\n\n<p class=\"has-medium-font-size\">Az oknyomoz\u00f3k kez\u00e9be ker\u00fcltek kor\u00e1bbi politikai foglyok nyilatkozatai, miszerint az \u0151rizetbe vett disszidensek kiv\u00e1lasztott csoportjai olyan orvosi vizsg\u00e1latra k\u00e9nyszer\u00fclnek, ami felt\u0171n\u0151en eml\u00e9keztet a szervadom\u00e1nyoz\u00f3k \u00e1t\u00fcltet\u00e9s el\u0151tti vizsg\u00e1lat\u00e1ra. Az ilyen politikai foglyok <a href=\"https:\/\/www.theepochtimes.com\/c-organ-harvesting-in-china\" target=\"_blank\" rel=\"noreferrer noopener\">ezut\u00e1n nyom n\u00e9lk\u00fcl elt\u0171nnek cell\u00e1ikb\u00f3l<\/a>.<\/p>\n\n\n\n<h2><strong>A t\u00e9nyszer\u0171 forr\u00e1sok, amelyekre t\u00e1maszkodunk<\/strong><\/h2>\n\n\n\n<p class=\"has-medium-font-size\">Az al\u00e1bbiakban sz\u00e1mos forr\u00e1st, vizsg\u00e1lati jelent\u00e9st \u00e9s referenci\u00e1t felsorolunk a K\u00edn\u00e1ban zajl\u00f3, lelkiismereti foglyokon elk\u00f6vetett vissza\u00e9l\u00e9sek kivizsg\u00e1l\u00e1s\u00e1r\u00f3l, melyek szerv\u00e1t\u00fcltet\u00e9sekkelkapcsolatosak:<\/p>\n\n\n\n<p class=\"has-medium-font-size\"><a rel=\"noreferrer noopener\" href=\"https:\/\/endtransplantabuse.org\/\" target=\"_blank\">ETAC \u2013 International Coalition of Investigators<\/a><\/p>\n\n\n\n<p class=\"has-medium-font-size\"><a rel=\"noreferrer noopener\" href=\"https:\/\/chinatribunal.com\/\" target=\"_blank\">International Judicial Tribunal in London (2019)<\/a><\/p>\n\n\n\n<p class=\"has-medium-font-size\"><a rel=\"noreferrer noopener\" href=\"https:\/\/endtransplantabuse.org\/books\/\" target=\"_blank\">Bloody Harvest \u2013 investigative Report (2006-2009)<\/a><\/p>\n\n\n\n<p class=\"has-medium-font-size\"><a rel=\"noreferrer noopener\" href=\"https:\/\/www.amazon.com\/Slaughter-Killings-Harvesting-Solution-Dissident-ebook\/dp\/B00IHMBO6M\/ref=sr_1_1?dchild=1&amp;keywords=the%20slaughter%20gutmann&amp;qid=1612180513&amp;s=movies-tv&amp;sr=1-1&amp;fbclid=IwAR3e7wML5oOCq2RSrsv3xRIf2ryW2uvkw4uVJfHlwvOZ-O4FsAZ3E8KKjpY\" target=\"_blank\">The Slaughter \u2013 seven years of field research (2014)<\/a><\/p>\n\n\n\n<p class=\"has-medium-font-size\"><a rel=\"noreferrer noopener\" href=\"https:\/\/endtransplantabuse.org\/an-update\/\" target=\"_blank\">Summary investigative Report \u2013 B.H.S. An Update (2016)<\/a><\/p>\n\n\n\n<p class=\"has-medium-font-size\"><a rel=\"noreferrer noopener\" href=\"https:\/\/www.chinaorganharvest.org\/global-response\/\" target=\"_blank\">International Response to Investigation Reports \u2013 Summary (COHRC)<\/a><\/p>\n\n\n\n<p>    <\/p>\n\n\n\n<div class=\"wp-block-image is-style-default\"><figure class=\"aligncenter size-large is-resized\"><a href=\"https:\/\/www.davidsandgoliath.cz\/index.php\/en\/about\/\"><img loading=\"lazy\" src=\"https:\/\/www.davidsandgoliath.cz\/wp-content\/uploads\/2021\/02\/davidove_golias_komiks_cz-logo-5.jpg\" alt=\"\" class=\"wp-image-170\" width=\"100\" height=\"100\" srcset=\"https:\/\/www.davidsandgoliath.cz\/wp-content\/uploads\/2021\/02\/davidove_golias_komiks_cz-logo-5.jpg 800w, https:\/\/www.davidsandgoliath.cz\/wp-content\/uploads\/2021\/02\/davidove_golias_komiks_cz-logo-5-300x300.jpg 300w, https:\/\/www.davidsandgoliath.cz\/wp-content\/uploads\/2021\/02\/davidove_golias_komiks_cz-logo-5-150x150.jpg 150w, https:\/\/www.davidsandgoliath.cz\/wp-content\/uploads\/2021\/02\/davidove_golias_komiks_cz-logo-5-768x768.jpg 768w\" sizes=\"(max-width: 100px) 100vw, 100px\" \/><\/a><\/figure><\/div>\n","protected":false},"excerpt":{"rendered":"<p>lidsk\u00e1 pr\u00e1va v \u010c\u00edn\u011b Kik vagyunk Cseh k\u00e9preg\u00e9ny-alkot\u00f3k egy csoportja vagyunk. Egy olyan m\u0171vet szeretn\u00e9nk l\u00e9trehozni, amely az aktu\u00e1lis esem\u00e9nyekre reag\u00e1l. A m\u0171v\u00e9szetet fontos eszk\u00f6znek tekintj\u00fck a s\u00fcrget\u0151 k\u00e9rd\u00e9sek kifejez\u00e9s\u00e9re \u00e9s az egyetemes erk\u00f6lcsi \u00e9rt\u00e9kek k\u00f6zvet\u00edt\u00e9s\u00e9re. A realisztikus \u00e1br\u00e1zol\u00e1s \u00fatj\u00e1t v\u00e1lasztottuk, hogy az olvas\u00f3k k\u00f6nnyed\u00e9n megismerhess\u00e9k a f\u0151szerepl\u0151ket, a val\u00f3di helysz\u00edneket, rendszereket \u00e9s esem\u00e9nyeket. Lidsk\u00e1 &hellip;<\/p>\n<p class=\"read-more\"> <a class=\"\" href=\"https:\/\/www.davidsandgoliath.cz\/index.php\/hu\/rolunk\/\"> <span class=\"screen-reader-text\">R\u00f3lunk<\/span> Pokra\u010dovat ve \u010dten\u00ed &raquo;<\/a><\/p>\n","protected":false},"author":1,"featured_media":0,"parent":0,"menu_order":0,"comment_status":"closed","ping_status":"closed","template":"","meta":[],"_links":{"self":[{"href":"https:\/\/www.davidsandgoliath.cz\/index.php\/wp-json\/wp\/v2\/pages\/743"}],"collection":[{"href":"https:\/\/www.davidsandgoliath.cz\/index.php\/wp-json\/wp\/v2\/pages"}],"about":[{"href":"https:\/\/www.davidsandgoliath.cz\/index.php\/wp-json\/wp\/v2\/types\/page"}],"author":[{"embeddable":true,"href":"https:\/\/www.davidsandgoliath.cz\/index.php\/wp-json\/wp\/v2\/users\/1"}],"replies":[{"embeddable":true,"href":"https:\/\/www.davidsandgoliath.cz\/index.php\/wp-json\/wp\/v2\/comments?post=743"}],"version-history":[{"count":3,"href":"https:\/\/www.davidsandgoliath.cz\/index.php\/wp-json\/wp\/v2\/pages\/743\/revisions"}],"predecessor-version":[{"id":770,"href":"https:\/\/www.davidsandgoliath.cz\/index.php\/wp-json\/wp\/v2\/pages\/743\/revisions\/770"}],"wp:attachment":[{"href":"https:\/\/www.davidsandgoliath.cz\/index.php\/wp-json\/wp\/v2\/media?parent=743"}],"curies":[{"name":"wp","href":"https:\/\/api.w.org\/{rel}","templated":true}]}}