{"id":735,"date":"2021-04-02T17:43:12","date_gmt":"2021-04-02T17:43:12","guid":{"rendered":"http:\/\/www.davidsandgoliath.cz\/?page_id=735"},"modified":"2021-04-06T19:21:49","modified_gmt":"2021-04-06T19:21:49","slug":"tamogatok","status":"publish","type":"page","link":"https:\/\/www.davidsandgoliath.cz\/index.php\/hu\/tamogatok\/","title":{"rendered":"T\u00e1mogat\u00f3k"},"content":{"rendered":"\n<p class=\"has-white-color has-white-background-color has-text-color has-background\" id=\"block-5cb12f42-4f20-4868-8ad3-60733b4d6845\">hhh<\/p>\n\n\n\n<h2 class=\"has-text-align-center\"><strong>K\u00f6sz\u00f6net mindenkinek, aki t\u00e1mogatta a projektet!<\/strong><\/h2>\n\n\n\n<h3 class=\"has-text-align-center\">K\u00f6sz\u00f6nj\u00fck, hogy nem maradt k\u00f6z\u00f6mb\u00f6s. Ez seg\u00edt jobb\u00e1 tenni a dolgokat.<\/h3>\n\n\n\n<p class=\"has-white-color has-text-color\">     lidska prava v cine<\/p>\n\n\n\n<h2 class=\"has-text-align-left\"><strong>David Kilgour<\/strong><\/h2>\n\n\n\n<div class=\"wp-block-image is-style-default\"><figure class=\"alignleft size-large is-resized\"><img loading=\"lazy\" src=\"https:\/\/www.davidsandgoliath.cz\/wp-content\/uploads\/2021\/03\/David-Kilgour-podporil-komiks-o-vysetrovani-v-cine.jpg\" alt=\"\" class=\"wp-image-345\" width=\"213\" height=\"219\"\/><\/figure><\/div>\n\n\n\n<p class=\"has-medium-font-size\">\u201eK\u00f6sz\u00f6net minden \u00e9rintettnek. K\u00f6sz\u00f6net minden\u00e9rt, amit az emberi m\u00e9lt\u00f3s\u00e1g\u00e9rt tett\u00e9l.\u201d &#8211; <a rel=\"noreferrer noopener\" href=\"http:\/\/david-kilgour.com\/\" target=\"_blank\">David Kilgour<\/a>, volt kanadai k\u00fcl\u00fcgyminiszter.<br><\/p>\n\n\n\n<p><\/p>\n\n\n\n<p class=\"has-white-color has-text-color\">Lidsk\u00e1 pr\u00e1va v \u010c\u00edn\u011b<\/p>\n\n\n\n<h2 class=\"has-text-align-right\"><strong>Ethan Gutmann<\/strong><\/h2>\n\n\n\n<div class=\"wp-block-image is-style-default\"><figure class=\"alignright size-large is-resized\"><img loading=\"lazy\" src=\"https:\/\/www.davidsandgoliath.cz\/wp-content\/uploads\/2021\/03\/Ethan-Gutmann-podporil-komiks-o-vysetrovani-v-cine.jpg\" alt=\"\" class=\"wp-image-348\" width=\"214\" height=\"265\" srcset=\"https:\/\/www.davidsandgoliath.cz\/wp-content\/uploads\/2021\/03\/Ethan-Gutmann-podporil-komiks-o-vysetrovani-v-cine.jpg 323w, https:\/\/www.davidsandgoliath.cz\/wp-content\/uploads\/2021\/03\/Ethan-Gutmann-podporil-komiks-o-vysetrovani-v-cine-243x300.jpg 243w\" sizes=\"(max-width: 214px) 100vw, 214px\" \/><\/figure><\/div>\n\n\n\n<p class=\"has-medium-font-size\">\u201eEgy \u00faj emberi jogi k\u00e9preg\u00e9ny a pr\u00e1gai bar\u00e1tainkt\u00f3l. \u00c9s p\u00e9nzre van sz\u00fcks\u00e9g\u00fck, hogy m\u00e9g t\u00f6bb k\u00e9pet k\u00e9sz\u00edtsenek r\u00f3lam, ez\u00e9rt k\u00e9rlek, adj nagylelk\u0171en! Most m\u00e1r nyugodtan meghalhatok.\u201d<strong> <\/strong>&#8211; <a rel=\"noreferrer noopener\" href=\"https:\/\/www.facebook.com\/ethan.gutmann\/posts\/10159387026113179\" target=\"_blank\">Ethan Gutmann<\/a>, amerikai \u00fajs\u00e1g\u00edr\u00f3 \u00e9s \u00edr\u00f3.<\/p>\n\n\n\n<h2><strong>Yumei Liu<\/strong><\/h2>\n\n\n\n<div class=\"wp-block-image is-style-default\"><figure class=\"alignleft size-large is-resized\"><img loading=\"lazy\" src=\"https:\/\/www.davidsandgoliath.cz\/wp-content\/uploads\/2021\/03\/byvala-politicka-vezenkyne-z-ciny-podporila-ceskou-komiksovou-knihu.jpg\" alt=\"\" class=\"wp-image-452\" width=\"213\" height=\"310\" srcset=\"https:\/\/www.davidsandgoliath.cz\/wp-content\/uploads\/2021\/03\/byvala-politicka-vezenkyne-z-ciny-podporila-ceskou-komiksovou-knihu.jpg 343w, https:\/\/www.davidsandgoliath.cz\/wp-content\/uploads\/2021\/03\/byvala-politicka-vezenkyne-z-ciny-podporila-ceskou-komiksovou-knihu-206x300.jpg 206w\" sizes=\"(max-width: 213px) 100vw, 213px\" \/><\/figure><\/div>\n\n\n\n<p class=\"has-medium-font-size\"><strong>A k\u00e9preg\u00e9ny projektet egy volt lelkiismereti fogoly t\u00e1mogatta. <\/strong>A k\u00ednai Liaoning tartom\u00e1nyb\u00f3l sz\u00e1rmaz\u00f3 Yumei Liu k\u00f6zvetlen \u00e1ldozata a k\u00ednai rezsim \u00fcld\u00f6z\u00e9s\u00e9nek. Ma mened\u00e9kjogban \u00e9l Finnorsz\u00e1gban. K\u00edn\u00e1ban kilencszer tart\u00f3ztatt\u00e1k le \u00e9s k\u00ednozt\u00e1k meg a Kommunista P\u00e1rt \u00e1ltal vezetett \u00fagynevezett \u201e\u00e1tnevel\u00e9s\u201d keret\u00e9ben. Apja, anyja \u00e9s n\u0151v\u00e9re az elnyom\u00e1s k\u00f6vetkezt\u00e9ben meghalt. <a href=\"https:\/\/www.epochtimes.cz\/2021\/03\/01\/former-prisoner-of-conscience-from-china-supports-comic-book-project\/\" target=\"_blank\" rel=\"noreferrer noopener\">Tov\u00e1bb\u2026<\/a><\/p>\n\n\n\n<h2 class=\"has-text-align-right\"><strong>Jan \u010ci\u017einsk\u00fd<\/strong><\/h2>\n\n\n\n<div class=\"wp-block-image is-style-default\"><figure class=\"alignright size-large is-resized\"><img loading=\"lazy\" src=\"https:\/\/www.davidsandgoliath.cz\/wp-content\/uploads\/2021\/03\/Starosta_p7_jan_cizinsky-podporil-komiks-o-vysetrovani-v-cine.jpg\" alt=\"\" class=\"wp-image-311\" width=\"213\" height=\"299\" srcset=\"https:\/\/www.davidsandgoliath.cz\/wp-content\/uploads\/2021\/03\/Starosta_p7_jan_cizinsky-podporil-komiks-o-vysetrovani-v-cine.jpg 225w, https:\/\/www.davidsandgoliath.cz\/wp-content\/uploads\/2021\/03\/Starosta_p7_jan_cizinsky-podporil-komiks-o-vysetrovani-v-cine-214x300.jpg 214w\" sizes=\"(max-width: 213px) 100vw, 213px\" \/><\/figure><\/div>\n\n\n\n<p class=\"has-medium-font-size\">\u201eEgy sz\u00f6rny\u0171 b\u0171ncselekm\u00e9nnyel \u00e1llunk szemben, amelyet egyszer ugyan\u00fagy tud\u00f3s\u00edtanak majd, mint a n\u00e1cizmus \u00e9s az \u00fagynevezett Iszl\u00e1m \u00c1llam atrocit\u00e1sair\u00f3l. Mit tehet\u00fcnk ellene? Tal\u00e1n t\u00e1mogassa ezt a projektet.\u201d<strong> <\/strong>&#8211; <a rel=\"noreferrer noopener\" href=\"https:\/\/www.facebook.com\/jenda.cizinsky\" target=\"_blank\">Jan \u010ci\u017einsk\u00fd<\/a>, Pr\u00e1ga polg\u00e1rmestere 7.<\/p>\n\n\n\n<p>     <\/p>\n\n\n\n<p>    <\/p>\n\n\n\n<p>      <\/p>\n\n\n\n<p class=\"has-medium-font-size\">   <\/p>\n\n\n\n<p class=\"has-white-color has-text-color\">lidska prava v cine<\/p>\n\n\n\n<h2><strong>Jitka Hospr<\/strong><\/h2>\n\n\n\n<div class=\"wp-block-image is-style-default\"><figure class=\"alignleft size-large is-resized\"><img loading=\"lazy\" src=\"https:\/\/www.davidsandgoliath.cz\/wp-content\/uploads\/2021\/03\/virtuoska-jitka-hosprova-podporila-komiks-o-vysetrovani-v-cine.jpg\" alt=\"\" class=\"wp-image-318\" width=\"213\" height=\"317\" srcset=\"https:\/\/www.davidsandgoliath.cz\/wp-content\/uploads\/2021\/03\/virtuoska-jitka-hosprova-podporila-komiks-o-vysetrovani-v-cine.jpg 558w, https:\/\/www.davidsandgoliath.cz\/wp-content\/uploads\/2021\/03\/virtuoska-jitka-hosprova-podporila-komiks-o-vysetrovani-v-cine-201x300.jpg 201w\" sizes=\"(max-width: 213px) 100vw, 213px\" \/><\/figure><\/div>\n\n\n\n<p class=\"has-medium-font-size\">\u201eAmint azt mind tudj\u00e1tok, emberi jogi koncerteket adtunk m\u00e1r el\u0151 Pr\u00e1g\u00e1ban K\u00edn\u00e1\u00e9rt 2011-ben \u00e9s 2014-ben. Abban az id\u0151ben az inform\u00e1ci\u00f3k terjeszt\u00e9s\u00e9re ir\u00e1nyul\u00f3 er\u0151fesz\u00edt\u00e9seinket D\u00e1vid \u00e9s G\u00f3li\u00e1t anal\u00f3gi\u00e1j\u00e1nak neveztem. \u00d6r\u00fcl\u00f6k, hogy ez az \u00f6tlet egy nagyon \u00e9rdekes szeml\u00e9ltet\u0151 form\u00e1v\u00e1 fejl\u0151d\u00f6tt. \u00dagy gondolom, hogy ma, amikor az eg\u00e9sz vil\u00e1g egy olyan j\u00e1rv\u00e1ny ellen harcol, amely\u00e9rt K\u00edna nem hajland\u00f3 felel\u0151ss\u00e9get v\u00e1llalni, a t\u00e9ma t\u00f6bb mint vita t\u00e1rgy\u00e1t k\u00e9pezi.\u201d<strong> <\/strong>&#8211; <a rel=\"noreferrer noopener\" href=\"https:\/\/www.facebook.com\/jitkahosprova\/posts\/158637909415526\" target=\"_blank\">Jitka Hosprov\u00e1<\/a>, az els\u0151 sz\u00e1m\u00fa cseh br\u00e1csa virtu\u00f3z.<\/p>\n\n\n\n<p>   <\/p>\n\n\n\n<p>   <\/p>\n\n\n\n<p class=\"has-medium-font-size\">  <\/p>\n\n\n\n<p class=\"has-white-color has-text-color\">    kkkk<\/p>\n\n\n\n<h2 class=\"has-text-align-right\"><strong>Pavel \u0160afr<\/strong><\/h2>\n\n\n\n<div class=\"wp-block-image is-style-default\"><figure class=\"alignright size-large is-resized\"><img loading=\"lazy\" src=\"https:\/\/www.davidsandgoliath.cz\/wp-content\/uploads\/2021\/03\/Pavel-Safr-podporil-komiks-o-vysetrovani-v-cine.jpg\" alt=\"\" class=\"wp-image-327\" width=\"214\" height=\"245\"\/><\/figure><\/div>\n\n\n\n<p class=\"has-medium-font-size\">\u201eT\u00e1mogatom ezt a projektet. Ennek a k\u00e9preg\u00e9nynek a szabad szellem\u0171 aktivist\u00e1k \u00e9rdekes csoportj\u00e1nak a k\u00ednaiak kiszabad\u00edt\u00e1s\u00e1ra ir\u00e1nyul\u00f3 er\u0151fesz\u00edt\u00e9seit hivatott t\u00e1mogatni. Ezek olyan emberek, akik a k\u00ednai totalit\u00e1rius rendszer ellen harcolnak. R\u00e9szben k\u00ednai emigr\u00e1nsok, r\u00e9szben a k\u00ednai kult\u00fara rajong\u00f3i. Leleplezik a Pekingi kommunista korm\u00e1ny b\u0171neit. Ez\u00e9rt szurkolok nekik.\u201d<strong> <\/strong>&#8211; <a rel=\"noreferrer noopener\" href=\"https:\/\/www.facebook.com\/pavel.safr1\/posts\/10221682769610030\" target=\"_blank\">Pavel \u0160afr<\/a>, \u00fajs\u00e1gok \u00e9s magazinok senior szerkeszt\u0151je.<\/p>\n\n\n\n<p>    <\/p>\n\n\n\n<p>   <\/p>\n\n\n\n<p>   <\/p>\n\n\n\n<p class=\"has-white-color has-text-color\">Lidsk\u00e1 pr\u00e1va v \u010c\u00edn\u011b<\/p>\n\n\n\n<p class=\"has-white-color has-text-color\">Lidsk\u00e1 pr\u00e1va v \u010c\u00edn\u011b<\/p>\n\n\n\n<h2><strong>Marta Kubi\u0161ov\u00e1<\/strong><\/h2>\n\n\n\n<div class=\"wp-block-image is-style-default\"><figure class=\"alignleft size-large is-resized\"><img loading=\"lazy\" src=\"https:\/\/www.davidsandgoliath.cz\/wp-content\/uploads\/2021\/03\/zpevacka-Marta-Kubisova-podporila-komiks-o-vysetrovani-v-cine-754x1024.jpg\" alt=\"\" class=\"wp-image-335\" width=\"213\" height=\"290\" srcset=\"https:\/\/www.davidsandgoliath.cz\/wp-content\/uploads\/2021\/03\/zpevacka-Marta-Kubisova-podporila-komiks-o-vysetrovani-v-cine-754x1024.jpg 754w, https:\/\/www.davidsandgoliath.cz\/wp-content\/uploads\/2021\/03\/zpevacka-Marta-Kubisova-podporila-komiks-o-vysetrovani-v-cine-221x300.jpg 221w, https:\/\/www.davidsandgoliath.cz\/wp-content\/uploads\/2021\/03\/zpevacka-Marta-Kubisova-podporila-komiks-o-vysetrovani-v-cine-768x1043.jpg 768w, https:\/\/www.davidsandgoliath.cz\/wp-content\/uploads\/2021\/03\/zpevacka-Marta-Kubisova-podporila-komiks-o-vysetrovani-v-cine.jpg 1066w\" sizes=\"(max-width: 213px) 100vw, 213px\" \/><\/figure><\/div>\n\n\n\n<p class=\"has-medium-font-size\">\u201eT\u00e1mogatom ezt a projektet. Noha ez m\u00e1r a sokadik emberi jogi kih\u00edv\u00e1s, a k\u00ednai b\u00f6rt\u00f6n\u00f6kben t\u00f6rt\u00e9n\u0151 raboskod\u00e1s \u00e9s az er\u0151szakos szervelt\u00e1vol\u00edt\u00e1s kegyetlen sors\u00e1t nem lehet figyelmen k\u00edv\u00fcl hagyni. K\u00fcl\u00f6n\u00f6sen ebben az id\u0151ben \u00e9s K\u00edn\u00e1val kapcsolatban.\u201c<strong><strong> <\/strong><\/strong>&#8211; <a rel=\"noreferrer noopener\" href=\"https:\/\/cs.wikipedia.org\/wiki\/Marta_Kubi%C5%A1ov%C3%A1\" target=\"_blank\">Marta Kubi\u0161ov\u00e1<\/a>, cseh \u00e9nekes \u00e9s diktat\u00fara ellenes kamp\u00e1nyol\u00f3 a volt Csehszlov\u00e1ki\u00e1ban.<\/p>\n\n\n\n<p class=\"has-white-color has-text-color\">Lidsk\u00e1 pr\u00e1va v \u010c\u00edn\u011b<\/p>\n\n\n\n<p class=\"has-white-color has-text-color\">Lidsk\u00e1 pr\u00e1va v \u010c\u00edn\u011b<\/p>\n\n\n\n<h2 class=\"has-text-align-right\"><strong>Anton\u00edn Baudi\u0161<\/strong><\/h2>\n\n\n\n<div class=\"wp-block-image is-style-default\"><figure class=\"alignright size-large is-resized\"><img loading=\"lazy\" src=\"https:\/\/www.davidsandgoliath.cz\/wp-content\/uploads\/2021\/03\/Antonin-Baudis-podporil-komiks-o-vysetrovani-v-cine.jpg\" alt=\"\" class=\"wp-image-336\" width=\"213\" height=\"213\" srcset=\"https:\/\/www.davidsandgoliath.cz\/wp-content\/uploads\/2021\/03\/Antonin-Baudis-podporil-komiks-o-vysetrovani-v-cine.jpg 322w, https:\/\/www.davidsandgoliath.cz\/wp-content\/uploads\/2021\/03\/Antonin-Baudis-podporil-komiks-o-vysetrovani-v-cine-300x300.jpg 300w, https:\/\/www.davidsandgoliath.cz\/wp-content\/uploads\/2021\/03\/Antonin-Baudis-podporil-komiks-o-vysetrovani-v-cine-150x150.jpg 150w\" sizes=\"(max-width: 213px) 100vw, 213px\" \/><\/figure><\/div>\n\n\n\n<p class=\"has-medium-font-size\">\u201eK\u00fcl\u00f6n\u00f6sen a K\u00edna ir\u00e1nti szeretetem miatt osztom meg ezt a k\u00e9preg\u00e9ny kollekci\u00f3val kapcsolatos felh\u00edv\u00e1st, amely felfedi a korm\u00e1ny \u00e1ltal t\u00e1mogatott szervelt\u00e1vol\u00edt\u00e1sokat a lelkiismereti foglyok k\u00f6r\u00e9ben K\u00edn\u00e1ban. \u0150k gyakran a F\u00e1lun Gong gyakorlat tagjai, akik t\u00f6k\u00e9letes eg\u00e9szs\u00e9g\u00fckr\u0151l ismertek.\u201d<strong> <\/strong>&#8211;<a rel=\"noreferrer noopener\" href=\"https:\/\/www.facebook.com\/baudys\/posts\/10222024817523759?notif_id=1615452252879594&amp;notif_t=mention&amp;ref=notif\" target=\"_blank\"> Anton\u00edn Baudi\u0161<\/a>, asztrol\u00f3gus \u00e9s l\u00e1tnok.<\/p>\n\n\n\n<p class=\"has-white-color has-text-color\">lidska prava v cine<\/p>\n\n\n\n<p class=\"has-white-color has-text-color\">Lidsk\u00e1 pr\u00e1va v \u010c\u00edn\u011b<\/p>\n\n\n\n<h2><strong>Roman Joch<\/strong><\/h2>\n\n\n\n<div class=\"wp-block-image\"><figure class=\"alignleft size-large is-resized\"><img loading=\"lazy\" src=\"https:\/\/www.davidsandgoliath.cz\/wp-content\/uploads\/2021\/03\/roman-joch-podporil-projekt-komiksem-proti-totalite.jpg\" alt=\"\" class=\"wp-image-650\" width=\"214\" height=\"214\" srcset=\"https:\/\/www.davidsandgoliath.cz\/wp-content\/uploads\/2021\/03\/roman-joch-podporil-projekt-komiksem-proti-totalite.jpg 450w, https:\/\/www.davidsandgoliath.cz\/wp-content\/uploads\/2021\/03\/roman-joch-podporil-projekt-komiksem-proti-totalite-300x300.jpg 300w, https:\/\/www.davidsandgoliath.cz\/wp-content\/uploads\/2021\/03\/roman-joch-podporil-projekt-komiksem-proti-totalite-150x150.jpg 150w\" sizes=\"(max-width: 214px) 100vw, 214px\" \/><\/figure><\/div>\n\n\n\n<p class=\"has-medium-font-size\">\u201eK\u00edna kommunista rendszere a vil\u00e1g legn\u00e9pesebb orsz\u00e1ga felett uralkodik, t\u00f6bb embert t\u00e9ve rabszolg\u00e1v\u00e1, mint b\u00e1rki m\u00e1s. Egyre nagyobb vesz\u00e9lyt jelent a k\u00fclvil\u00e1gra \u00e9s k\u00fclf\u00f6ldre is. Saj\u00e1t polg\u00e1rainak otthon\u00e1ban teljes brutalit\u00e1ssal \u00e9s tudatosan gyilkol meg \u00e1rtatlanokat. Napjaink alapvet\u0151 erk\u00f6lcsi k\u00f6teless\u00e9ge r\u00e1mutatni ennek az aljas, de er\u0151s\u00e9s gazdag rezsimnek a borzalmass\u00e1g\u00e1ra \u00e9s b\u0171n\u00f6ss\u00e9g\u00e9re \u2013 ami \u00edgy m\u00e9g vesz\u00e9lyesebb. Ez nagy baj. Az embereknek fel kell ismerni\u00fck a val\u00f3di karakter\u00e9t, miel\u0151tt t\u00fal k\u00e9s\u0151 lenne.\u201d &#8211; <a href=\"http:\/\/www.obcinst.cz\/o-obcanskem-institutu\/\">Roman Joch<\/a>, a Polg\u00e1ri Int\u00e9zet igazgat\u00f3ja.<\/p>\n\n\n\n<p class=\"has-white-color has-text-color\">Human rights in China<\/p>\n\n\n\n<h2 class=\"has-text-align-right\"><strong>Tom\u00e1\u0161 Zdechovsk\u00fd<\/strong><\/h2>\n\n\n\n<div class=\"wp-block-image is-style-default\"><figure class=\"alignright size-large is-resized\"><img loading=\"lazy\" src=\"https:\/\/www.davidsandgoliath.cz\/wp-content\/uploads\/2021\/03\/Europoslanec-Tomas-Zdechovsky-podporil-projekt-komiksem-proti-totalite-transplantace-Cina.jpg\" alt=\"\" class=\"wp-image-685\" width=\"214\" height=\"199\" srcset=\"https:\/\/www.davidsandgoliath.cz\/wp-content\/uploads\/2021\/03\/Europoslanec-Tomas-Zdechovsky-podporil-projekt-komiksem-proti-totalite-transplantace-Cina.jpg 720w, https:\/\/www.davidsandgoliath.cz\/wp-content\/uploads\/2021\/03\/Europoslanec-Tomas-Zdechovsky-podporil-projekt-komiksem-proti-totalite-transplantace-Cina-300x278.jpg 300w\" sizes=\"(max-width: 214px) 100vw, 214px\" \/><\/figure><\/div>\n\n\n\n<p class=\"has-medium-font-size\">\u201cI support this project, which can inform the general public in an accessible form about the serious problem of the abuse of prisoners of conscience in China for organ transplants. The project is also close to my heart because I myself have called several times, not only on the floor of the European Parliament, for a halt to the removal of organs from prisoners of conscience in China and for an investigation into these illegal practices. I am very glad that there are people who are not indifferent to the bleak human rights situation in China.\u201d<strong>\u00a0<\/strong>\u2013\u00a0<a href=\"https:\/\/www.zdechovsky.eu\/\">Tom\u00e1\u0161 Zdechovsk\u00fd<\/a>, member of the European Parliament.<\/p>\n\n\n\n<p class=\"has-white-color has-white-background-color has-text-color has-background\" id=\"block-5d679173-05ff-4a95-aebe-1c14613d16d6\">lidska prava v cine<\/p>\n\n\n\n<div id=\"block-cac1e5e8-9100-4f6a-924b-6d57dfa0e515\" class=\"wp-block-image\"><figure class=\"aligncenter is-resized\"><a href=\"https:\/\/www.davidsandgoliath.cz\/index.php\/en\/who-supported-the-project\/\"><img loading=\"lazy\" src=\"https:\/\/www.davidsandgoliath.cz\/wp-content\/uploads\/2021\/02\/davidove_golias_komiks_cz-logo-4.jpg\" alt=\"This image has an empty alt attribute; its file name is davidove_golias_komiks_cz-logo-4.jpg\" width=\"100\" height=\"100\"\/><\/a><\/figure><\/div>\n","protected":false},"excerpt":{"rendered":"<p>hhh K\u00f6sz\u00f6net mindenkinek, aki t\u00e1mogatta a projektet! K\u00f6sz\u00f6nj\u00fck, hogy nem maradt k\u00f6z\u00f6mb\u00f6s. Ez seg\u00edt jobb\u00e1 tenni a dolgokat. lidska prava v cine David Kilgour \u201eK\u00f6sz\u00f6net minden \u00e9rintettnek. K\u00f6sz\u00f6net minden\u00e9rt, amit az emberi m\u00e9lt\u00f3s\u00e1g\u00e9rt tett\u00e9l.\u201d &#8211; David Kilgour, volt kanadai k\u00fcl\u00fcgyminiszter. Lidsk\u00e1 pr\u00e1va v \u010c\u00edn\u011b Ethan Gutmann \u201eEgy \u00faj emberi jogi k\u00e9preg\u00e9ny a pr\u00e1gai bar\u00e1tainkt\u00f3l. \u00c9s &hellip;<\/p>\n<p class=\"read-more\"> <a class=\"\" href=\"https:\/\/www.davidsandgoliath.cz\/index.php\/hu\/tamogatok\/\"> <span class=\"screen-reader-text\">T\u00e1mogat\u00f3k<\/span> Pokra\u010dovat ve \u010dten\u00ed &raquo;<\/a><\/p>\n","protected":false},"author":1,"featured_media":0,"parent":0,"menu_order":0,"comment_status":"closed","ping_status":"closed","template":"","meta":[],"_links":{"self":[{"href":"https:\/\/www.davidsandgoliath.cz\/index.php\/wp-json\/wp\/v2\/pages\/735"}],"collection":[{"href":"https:\/\/www.davidsandgoliath.cz\/index.php\/wp-json\/wp\/v2\/pages"}],"about":[{"href":"https:\/\/www.davidsandgoliath.cz\/index.php\/wp-json\/wp\/v2\/types\/page"}],"author":[{"embeddable":true,"href":"https:\/\/www.davidsandgoliath.cz\/index.php\/wp-json\/wp\/v2\/users\/1"}],"replies":[{"embeddable":true,"href":"https:\/\/www.davidsandgoliath.cz\/index.php\/wp-json\/wp\/v2\/comments?post=735"}],"version-history":[{"count":5,"href":"https:\/\/www.davidsandgoliath.cz\/index.php\/wp-json\/wp\/v2\/pages\/735\/revisions"}],"predecessor-version":[{"id":802,"href":"https:\/\/www.davidsandgoliath.cz\/index.php\/wp-json\/wp\/v2\/pages\/735\/revisions\/802"}],"wp:attachment":[{"href":"https:\/\/www.davidsandgoliath.cz\/index.php\/wp-json\/wp\/v2\/media?parent=735"}],"curies":[{"name":"wp","href":"https:\/\/api.w.org\/{rel}","templated":true}]}}